{"id":12874,"date":"2021-05-21T09:41:04","date_gmt":"2021-05-21T07:41:04","guid":{"rendered":"https:\/\/www.ship2b.org\/programa\/euskadi-social-impulse\/"},"modified":"2023-06-26T10:28:56","modified_gmt":"2023-06-26T08:28:56","slug":"euskadi-social-impulse","status":"publish","type":"programa","link":"https:\/\/www.ship2b.org\/ca\/programa\/euskadi-social-impulse\/","title":{"rendered":"Euskadi Social Impulse"},"content":{"rendered":"<section data-block_56dbf6dbce92c095e3adaf84e77f0e91 id=\"block_56dbf6dbce92c095e3adaf84e77f0e91\" class=\"section-banner relative block b-banner alignfull pb-20 pt-20 md:pb-16 md:pt-16 bg-transparent bg-top bg-cover md:bg-center lg:bg-cover bg-no-repeat \"  style=\"background-image: url('https:\/\/www.ship2b.org\/wp-content\/uploads\/2021\/05\/PROG_EUSKADI.jpg');\" >\n    <div class=\"container relative z-20 block\">\n        <div class=\"md:p-0 relative block max-w-lg px-4 py-8  mx-auto  \">\n  <div class=\"overlay-box block absolute top-0 left-0 z-10 block w-full h-full max-w-5xl mx-auto bg-white opacity-75\"><\/div>\n      <div class=\"banner-inner md:p-8 relative z-20 block\">\n      <h1 data-block_56dbf6dbce92c095e3adaf84e77f0e91 class=\"content-title  mx-auto max-w-3xl   pb-0 pt-0 md:pb-1 md:pt-8 m-0 font-bold text-xl text-center md:text-4xl text-firefly\">Euskadi Social Impulse<\/h2>\n      <style>\n      data-block_56dbf6dbce92c095e3adaf84e77f0e91 .content-title b {\n        font-weight: bold;\n        color: #3e4545\n      }\n    <\/style>\n        <h3 data-block_56dbf6dbce92c095e3adaf84e77f0e91 class=\"content-subtitle  mx-auto  max-w-4xl pb-3 pt-0 md:pb-5 md:pt-0  m-0 font-semibold text-sm text-center text-sm md:text-xl text-bondi_blue\">2a convocatoria finalitzada<\/h3>\n      <style>\n      data-block_56dbf6dbce92c095e3adaf84e77f0e91 .content-subtitle b {\n        font-weight: bold;\n        color: #009aa6;\n      }\n    <\/style>\n                    <div class=\"content-cta pb-0 pt-0 md:pb-0 md:pt-0 m-0 text-center\">\n    <a class=\" relative inline-block w-auto py-2 px-4 border-solid border cta-button font-normal  md:text-sm text-white bg-bondi_blue border-bondi_blue hover:text-white hover:bg-silver hover:border-silver\" target=\"\"  href=\"#candidatura\"   title=\"Presenta la teva entitat\">Presenta la teva entitat<\/a>\n  <\/div>\n      <\/div>\n    <\/div>\n    <\/div>\n<\/section>\n\n<section data-block_379f6f13cbe38cfb00ebcf53045b0485 id=\"\" class=\"section-counter b-counter alignfull pb-10 pt-10 md:pb-12 md:pt-12 bg-white \" >\n    <div class=\"container relative z-20 block\">\n                <div class=\"b-counter-list clearfix\">\n                             <div class=\"md:w-1\/4 sm:w-1\/2 block float-left w-full text-center\">\n          <div class=\"counter-num block w-full text-firefly font-medium text-5xl md:text-6xl\">\n                        <span class=\"counter-up\" data-counterup-time=\"2000\"  data-counter-time=\"2000\" data-counter-delay=\"50\" >2<\/span>                      <\/div>\n                    <h3 class=\"counter-title block w-full text-firefly font-normal text-base md:text-lg\">Edici\u00f3<\/h3>\n                  <\/div>\n                       <div class=\"md:w-1\/4 sm:w-1\/2 block float-left w-full text-center\">\n          <div class=\"counter-num block w-full text-firefly font-medium text-5xl md:text-6xl\">\n                        <span class=\"counter-up\" data-counterup-time=\"2000\"  data-counter-time=\"2000\" data-counter-delay=\"50\" >40<\/span>                      <\/div>\n                    <h3 class=\"counter-title block w-full text-firefly font-normal text-base md:text-lg\">Entitats<\/h3>\n                  <\/div>\n                       <div class=\"md:w-1\/4 sm:w-1\/2 block float-left w-full text-center\">\n          <div class=\"counter-num block w-full text-firefly font-medium text-5xl md:text-6xl\">\n                        <span class=\"counter-up\" data-counterup-time=\"2000\"  data-counter-time=\"2000\" data-counter-delay=\"50\" >3<\/span>                      <\/div>\n                    <h3 class=\"counter-title block w-full text-firefly font-normal text-base md:text-lg\">Dies<\/h3>\n                  <\/div>\n                       <div class=\"md:w-1\/4 sm:w-1\/2 block float-left w-full text-center\">\n          <div class=\"counter-num block w-full text-firefly font-medium text-5xl md:text-6xl\">\n                        <span class=\"counter-up\" data-counterup-time=\"2000\"  data-counter-time=\"2000\" data-counter-delay=\"50\" >6<\/span>                      <\/div>\n                    <h3 class=\"counter-title block w-full text-firefly font-normal text-base md:text-lg\">Sessions<\/h3>\n                  <\/div>\n          <\/div>\n      <\/div>\n<\/section>\n\n\n<section data-block_8933b08518b16fe5ae417fb94cc7fb3d id=\"\" class=\"section-videos b-videos alignfull pb-12 pt-12 md:pb-16 md:pt-16 bg-bondi_blue \" >\n    <div class=\"container relative z-20 block clearfix\">\n    <h2 data-block_8933b08518b16fe5ae417fb94cc7fb3d class=\"content-title  mx-auto  max-w-3xl pb-2 pt-0 md:pb-3 md:pt-0 m-0 font-bold text-xl text-center md:text-3xl text-white_smoke\">V\u00eddeo resum edici\u00f3 2021<\/h2>\n      <style>\n      data-block_8933b08518b16fe5ae417fb94cc7fb3d .content-title b {\n        font-weight: bold;\n        color: #f4f4f4\n      }\n    <\/style>\n              <div class=\"relative block w-full max-w-5xl mx-auto overflow-hidden\">\n              <ul class=\"list-videos\">\n                                             <li class=\"relative block overflow-hidden px-0 clearfix  clear-both w-full float-none mb-8 \">\n                            <div class=\"fluid-video relative z-10  w-full px-4\"><iframe loading=\"lazy\" title=\"Euskadi Social Impulse 2021\" width=\"640\" height=\"360\" src=\"https:\/\/www.youtube.com\/embed\/Qnarg-_6sL8?feature=oembed\" frameborder=\"0\" allow=\"accelerometer; autoplay; clipboard-write; encrypted-media; gyroscope; picture-in-picture; web-share\" referrerpolicy=\"strict-origin-when-cross-origin\" allowfullscreen><\/iframe><\/div>\n            <\/li>\n                              <\/ul>\n          <\/div>\n      <\/div>\n<\/section>\n\n<section data-block_10714cdff88c24a11e696f4107ef1f22 id=\"\" class=\"section-content relative block b-content alignfull pb-10 pt-10 md:pb-12 md:pt-12 bg-white_smoke \" >\n    <div class=\"container relative z-20 block\">\n    <h2 data-block_10714cdff88c24a11e696f4107ef1f22 class=\"content-title  mx-auto  max-w-3xl pb-2 pt-0 md:pb-3 md:pt-0 m-0 font-bold text-xl text-center md:text-2xl text-night_rider\">Programa per a entitats socials basques que busquen la maximitzaci\u00f3 del seu impacte i l&#8217;autosostenibilitat<\/h2>\n      <style>\n      data-block_10714cdff88c24a11e696f4107ef1f22 .content-title b {\n        font-weight: bold;\n        color: #333333\n      }\n    <\/style>\n          <div class=\"content-text  mx-auto  max-w-4xl pb-0 pt-0 md:pb-0 md:pt-0 text-xs text-center md:text-base text-night_rider\"><p>Davant el context actual, de recursos escassos, major rendici\u00f3 de comptes per part dels finan\u00e7adors i el desenvolupament de noves eines financeres al servei de l&#8217;impacte social, impulsem un nou programa de formaci\u00f3 per a entitats socials del Pa\u00eds Basc. La formaci\u00f3 donar\u00e0 als participants totes les eines per entendre millor l&#8217;economia d&#8217;impacte i enfortir la seva entitat a trav\u00e9s de workshops\u00a0te\u00f2rics i casos pr\u00e0ctics.<\/p>\n<\/div>\n    <div class=\"content-cta pb-0 pt-0 md:pb-0 md:pt-0 m-0 text-center\">\n    <a class=\" relative inline-block w-auto py-2 px-4 border-solid border cta-button font-normal  md:text-sm text-white bg-manatee border-manatee hover:text-white hover:bg-charcoal hover:border-charcoal\" target=\"\"  href=\"https:\/\/www.youtube.com\/watch?v=n8HT9bYx-Io\"   title=\"Webinar 2022\">Webinar 2022<\/a>\n  <\/div>\n    <\/div>\n<\/section>\n\n<section data-block_f795ba00a867a0b2c8c91edec0e0208b id=\"\" class=\"section-checklist b-checklist alignfull pb-10 pt-10 md:pb-12 md:pt-12 bg-transparent bg-top bg-auto md:bg-center md:bg-cover bg-no-repeat bg-fixed\"  style=\"background-image: url('https:\/\/www.ship2b.org\/wp-content\/uploads\/2020\/04\/background-labs.jpg');\" >\n    <div class=\"container container-small relative block  px-4 md:px-8  z-20\">\n     \n    <div class=\"inner-bg absolute top-0 left-0 w-full h-full bg-white opacity-75 z-10\"><\/div>\n        <div class=\"inner-content relative z-20 block\">\n      <h2 data-block_f795ba00a867a0b2c8c91edec0e0208b class=\"content-title  mx-auto  max-w-3xl pb-4 pt-4 md:pb-8 md:pt-8 m-0 font-bold text-xl text-center md:text-2xl text-night_rider\">Durant el programa, oferim workshops en els seg\u00fcents temes:<\/h2>\n      <style>\n      data-block_f795ba00a867a0b2c8c91edec0e0208b .content-title b {\n        font-weight: bold;\n        color: #333333\n      }\n    <\/style>\n                    <div class=\"checklist-list clearfix clear-both\">\n        <ul>\n                               <li class=\"md:w-1\/2 relative block float-left w-full pl-8 pr-4 mb-2\">\n                                    <i class=\"absolute block left-0 top-0 text-night_rider hover:text-night_rider icons-s2b icon-s2b-arrow_carrot-right hover:no-underline text-2xl\"><\/i>\n                                    <span class=\"relative inline-block text-sm\">Economia d&#8217;Impacte i Venture Philanthropy<\/span>\n                      <\/li>\n                             <li class=\"md:w-1\/2 relative block float-left w-full pl-8 pr-4 mb-2\">\n                                    <i class=\"absolute block left-0 top-0 text-night_rider hover:text-night_rider icons-s2b icon-s2b-arrow_carrot-right hover:no-underline text-2xl\"><\/i>\n                                    <span class=\"relative inline-block text-sm\">Estrat\u00e8gia en base a l&#8217;Impacte Social<\/span>\n                      <\/li>\n                             <li class=\"md:w-1\/2 relative block float-left w-full pl-8 pr-4 mb-2\">\n                                    <i class=\"absolute block left-0 top-0 text-night_rider hover:text-night_rider icons-s2b icon-s2b-arrow_carrot-right hover:no-underline text-2xl\"><\/i>\n                                    <span class=\"relative inline-block text-sm\">Mesura i Gesti\u00f3 d&#8217;Impacte Social<\/span>\n                      <\/li>\n                             <li class=\"md:w-1\/2 relative block float-left w-full pl-8 pr-4 mb-2\">\n                                    <i class=\"absolute block left-0 top-0 text-night_rider hover:text-night_rider icons-s2b icon-s2b-arrow_carrot-right hover:no-underline text-2xl\"><\/i>\n                                    <span class=\"relative inline-block text-sm\">Comunicaci\u00f3<\/span>\n                      <\/li>\n                             <li class=\"md:w-1\/2 relative block float-left w-full pl-8 pr-4 mb-2\">\n                                    <i class=\"absolute block left-0 top-0 text-night_rider hover:text-night_rider icons-s2b icon-s2b-arrow_carrot-right hover:no-underline text-2xl\"><\/i>\n                                    <span class=\"relative inline-block text-sm\">Model de Negoci i Sostenibilitat<\/span>\n                      <\/li>\n                             <li class=\"md:w-1\/2 relative block float-left w-full pl-8 pr-4 mb-2\">\n                                              <\/li>\n                             <li class=\"md:w-1\/2 relative block float-left w-full pl-8 pr-4 mb-2\">\n                                              <\/li>\n                <\/ul>\n      <\/div>\n                  <div class=\"content-cta pb-10 pt-2 md:pb-8 md:pt-3 m-0 text-center\">\n    <a class=\" relative inline-block w-auto py-2 px-4 border-solid border cta-button font-normal  md:text-sm text-white bg-dark_gray border-dark_gray hover:text-white hover:bg-firefly hover:border-firefly\" target=\"\"  href=\"#candidatura\"   title=\"Inscriu-te\">Inscriu-te<\/a>\n  <\/div>\n      <\/div>\n  <\/div>\n<\/section>\n\n<section data-block_c4e7f5281e00a9e5f84389a78f5450cd id=\"\" class=\"section-info-columns clearfix b-info-columns alignfull pb-8 pt-12 md:pb-10 md:pt-16 bg-bondi_blue \" >\n    <div class=\"container relative z-20 block\">\n    <h2 data-block_c4e7f5281e00a9e5f84389a78f5450cd class=\"content-title  mx-auto  max-w-3xl pb-1 pt-0 md:pb-1 md:pt-0 m-0 font-bold text-xl text-center md:text-2xl text-white\">Busquem entitats socials que tinguin:\u00a0<\/h2>\n      <style>\n      data-block_c4e7f5281e00a9e5f84389a78f5450cd .content-title b {\n        font-weight: bold;\n        color: #333333\n      }\n    <\/style>\n                 \n    <div class=\"b-info-columns-list lg:flex lg:flex-row lg:flex-wrap clearfix\">\n                             <div class=\"w-full lg:w-1\/3 relative block clearfix float-left w-full text-center my-4 md:my-2 px-4  md:flex md:flex-row md:items-center \">\n          <div class=\"info-column-container relative block h-full p-8\">\n                        <div class=\"info-column-inner relative z-20 block  md:flex md:flex-row md:items-center \">\n                                          <i class=\"text-white text- md:text- text-5xl icons-s2b icon-s2b-icon_pin_alt hover:no-underline  pr-4 \"><\/i>\n                            <div class=\"info-column-desc relative block\">\n                                <h3 class=\"info-column-title block w-full text-white font-normal text-base md:text-base text-center  md:text-left \">Projecte sense \u00e0nim de lucre que tingui impacte al Pa\u00eds Basc<\/h3>\n                                                                              <\/div>\n            <\/div>\n          <\/div>\n        <\/div>\n                       <div class=\"w-full lg:w-1\/3 relative block clearfix float-left w-full text-center my-4 md:my-2 px-4  md:flex md:flex-row md:items-center \">\n          <div class=\"info-column-container relative block h-full p-8\">\n                        <div class=\"info-column-inner relative z-20 block  md:flex md:flex-row md:items-center \">\n                                          <i class=\"text-white text- md:text- text-5xl icons-s2b icon-s2b-icon_heart_alt hover:no-underline  pr-4 \"><\/i>\n                            <div class=\"info-column-desc relative block\">\n                                <h3 class=\"info-column-title block w-full text-white font-normal text-base md:text-base text-center  md:text-left \">Alt nivell d&#8217;impacte social o potencial de tenir-lo<\/h3>\n                                                                              <\/div>\n            <\/div>\n          <\/div>\n        <\/div>\n                       <div class=\"w-full lg:w-1\/3 relative block clearfix float-left w-full text-center my-4 md:my-2 px-4  md:flex md:flex-row md:items-center \">\n          <div class=\"info-column-container relative block h-full p-8\">\n                        <div class=\"info-column-inner relative z-20 block  md:flex md:flex-row md:items-center \">\n                                          <i class=\"text-white text- md:text- text-5xl icons-s2b icon-s2b-icon_lightbulb_alt hover:no-underline  pr-4 \"><\/i>\n                            <div class=\"info-column-desc relative block\">\n                                <h3 class=\"info-column-title block w-full text-white font-normal text-base md:text-base text-center  md:text-left \">Comprom\u00eds de la direcci\u00f3 de l&#8217;entitat<\/h3>\n                                                                              <\/div>\n            <\/div>\n          <\/div>\n        <\/div>\n          <\/div>\n          <\/div>\n<\/section>\n\n<section data-block_383fd5b1ac5d1a96a8be475ccf572646 id=\"\"\n         class=\"section-tabs b-tabs-v2 alignfull pb-12 pt-12 md:pb-16 md:pt-16 bg-white_smoke \"\n         >\n        <div class=\"container relative z-20 block\">\n        <h2 data-block_383fd5b1ac5d1a96a8be475ccf572646 class=\"content-title  mx-auto  max-w-3xl pb-2 pt-0 md:pb-3 md:pt-0 m-0 font-bold text-xl text-center md:text-2xl text-night_rider\">Etapes del programa<\/h2>\n      <style>\n      data-block_383fd5b1ac5d1a96a8be475ccf572646 .content-title b {\n        font-weight: bold;\n        color: #333333\n      }\n    <\/style>\n                          <div class=\"tabs-wrapper relative block overflow-hidden d-desktop\">\n                            <ul class=\"tabs\">\n                                                                                                     <li><a class=\"text-night_rider md:p-6 md:text-lg relative block p-2 text-sm font-bold\"\n                           href=\"#tab1\">Convocat\u00f2ria<\/a><\/li>\n                                                                                 <li><a class=\"text-night_rider md:p-6 md:text-lg relative block p-2 text-sm font-bold\"\n                           href=\"#tab2\">Formaci\u00f3<\/a><\/li>\n                                                        <\/ul>\n                <div class=\"tab_container\">\n                                                                                                     <div class=\"tab_content relative block px-6 py-12 overflow-hidden\" id=\"tab1\">\n                        <div class=\"md:float-left md:w-3\/5 md:pr-20 md:mb-0 relative block float-none w-full pr-0 mb-8\">\n                                                            <h3 class=\"tab-subtitle text-bondi_blue text-lg\">Presentaci\u00f3 de candidatures<\/h3>\n                                                                                        <div class=\"tab-info-extra text-base italic font-bold\">\n                                    Fins el 23 de juny de 2021\n                                <\/div>\n                                                                                        <div class=\"tab-desc mt-8 text-sm\">\n                                    <p>El programa selecciona 20 entitats socials basques per participar en el programa formaci\u00f3 a Bilbao.<\/p>\n<p>Si vols m\u00e9s informaci\u00f3, no dubtis en passar-te a veure el webinar informatiu de presentaci\u00f3 del programa que va tenir lloc el dijous 10 de juny. <span style=\"color: #049aaa\"><a style=\"color: #049aaa\" href=\"https:\/\/www.youtube.com\/watch?v=6Ml0yN9kFKY&amp;feature=youtu.be\" target=\"_blank\" rel=\"noopener\">Veure aqu\u00ed<\/a><\/span>.<\/p>\n<p>&nbsp;<\/p>\n<p>&nbsp;<\/p>\n<p>&nbsp;<\/p>\n<p>&nbsp;<\/p>\n\n                                <\/div>\n                                                    <\/div>\n                                                    <div class=\"md:float-left md:w-2\/5 relative block float-none w-full\">\n                                <img decoding=\"async\" src=\"https:\/\/www.ship2b.org\/wp-content\/uploads\/2021\/05\/EUS_Candidaturas.jpg\" alt=\"EUS_Candidaturas\"\n                                     class=\"w-full\">\n                            <\/div>\n                                            <\/div>\n                                                                                 <div class=\"tab_content relative block px-6 py-12 overflow-hidden\" id=\"tab2\">\n                        <div class=\"md:float-left md:w-3\/5 md:pr-20 md:mb-0 relative block float-none w-full pr-0 mb-8\">\n                                                            <h3 class=\"tab-subtitle text-bondi_blue text-lg\">Sessions de formaci\u00f3<\/h3>\n                                                                                        <div class=\"tab-info-extra text-base italic font-bold\">\n                                    Del 13 al 28 de juliol\n                                <\/div>\n                                                                                        <div class=\"tab-desc mt-8 text-sm\">\n                                    <p>Els 20 projectes seleccionats participaran en les 6 sessions de formaci\u00f3 a Bilbao.<\/p>\n<p>&nbsp;<\/p>\n\n                                <\/div>\n                                                    <\/div>\n                                                    <div class=\"md:float-left md:w-2\/5 relative block float-none w-full\">\n                                <img decoding=\"async\" src=\"https:\/\/www.ship2b.org\/wp-content\/uploads\/2021\/05\/EUS_Sesiones.jpg\" alt=\"EUS_Sesiones\"\n                                     class=\"w-full\">\n                            <\/div>\n                                            <\/div>\n                                                        <\/div>\n                    <\/div>\n        <div id=\"accordion\" class=\"accordion d-mobile\">\n                                                                                             <h5 id=\"bt-accordion-1\"\n                    class=\"text-night_rider md:p-6 md:text-lg relative block p-2 text-sm font-bold\">Convocat\u00f2ria<\/h5>\n                <div id=\"collapseB1\" class=\"collapse \"\n                     aria-labelledby=\"heading1\" data-parent=\"#accordion\">\n                    <div class=\"card-body bg-white p-2\">\n                        <div class=\"md:float-left md:w-3\/5 md:pr-20 md:mb-0 relative block float-none w-full pr-0 mb-8\">\n                                                            <h3 class=\"tab-subtitle text-bondi_blue text-lg\">Presentaci\u00f3 de candidatures<\/h3>\n                                                                                        <div class=\"tab-info-extra text-base italic font-bold\">\n                                    Fins el 23 de juny de 2021\n                                <\/div>\n                                                                                        <div class=\"tab-desc mt-8 text-sm\">\n                                    <p>El programa selecciona 20 entitats socials basques per participar en el programa formaci\u00f3 a Bilbao.<\/p>\n<p>Si vols m\u00e9s informaci\u00f3, no dubtis en passar-te a veure el webinar informatiu de presentaci\u00f3 del programa que va tenir lloc el dijous 10 de juny. <span style=\"color: #049aaa\"><a style=\"color: #049aaa\" href=\"https:\/\/www.youtube.com\/watch?v=6Ml0yN9kFKY&amp;feature=youtu.be\" target=\"_blank\" rel=\"noopener\">Veure aqu\u00ed<\/a><\/span>.<\/p>\n<p>&nbsp;<\/p>\n<p>&nbsp;<\/p>\n<p>&nbsp;<\/p>\n<p>&nbsp;<\/p>\n\n                                <\/div>\n                                                    <\/div>\n                                                    <div class=\"md:float-left md:w-2\/5 relative block float-none w-full\">\n                                <img decoding=\"async\" src=\"https:\/\/www.ship2b.org\/wp-content\/uploads\/2021\/05\/EUS_Candidaturas.jpg\" alt=\"EUS_Candidaturas\"\n                                     class=\"w-full\">\n                            <\/div>\n                                            <\/div>\n                <\/div>\n                                                                 <h5 id=\"bt-accordion-2\"\n                    class=\"text-night_rider md:p-6 md:text-lg relative block p-2 text-sm font-bold\">Formaci\u00f3<\/h5>\n                <div id=\"collapseB2\" class=\"collapse \"\n                     aria-labelledby=\"heading2\" data-parent=\"#accordion\">\n                    <div class=\"card-body bg-white p-2\">\n                        <div class=\"md:float-left md:w-3\/5 md:pr-20 md:mb-0 relative block float-none w-full pr-0 mb-8\">\n                                                            <h3 class=\"tab-subtitle text-bondi_blue text-lg\">Sessions de formaci\u00f3<\/h3>\n                                                                                        <div class=\"tab-info-extra text-base italic font-bold\">\n                                    Del 13 al 28 de juliol\n                                <\/div>\n                                                                                        <div class=\"tab-desc mt-8 text-sm\">\n                                    <p>Els 20 projectes seleccionats participaran en les 6 sessions de formaci\u00f3 a Bilbao.<\/p>\n<p>&nbsp;<\/p>\n\n                                <\/div>\n                                                    <\/div>\n                                                    <div class=\"md:float-left md:w-2\/5 relative block float-none w-full\">\n                                <img decoding=\"async\" src=\"https:\/\/www.ship2b.org\/wp-content\/uploads\/2021\/05\/EUS_Sesiones.jpg\" alt=\"EUS_Sesiones\"\n                                     class=\"w-full\">\n                            <\/div>\n                                            <\/div>\n                <\/div>\n                                                    <\/div>\n        <script>\n          if(navigator.userAgentData.mobile){\n            jQuery(window).on('load', function () {\n                jQuery('#accordion').accordion()\n            });\n            jQuery(\".section-tabs\").click(function () {\n                jQuery([document.documentElement, document.body]).animate({\n                    scrollTop: jQuery(\"#accordion\").offset().top + 100\n                }, 2000);\n            });\n          }\n        <\/script>\n            <\/div>\n<\/section>\n<style>\n    ul.tabs li a {\n        color: ;\n    }\n\n    ul.tabs li a:hover {\n        background-color: #ffffff;\n    }\n\n    html ul.tabs li.active a,\n    html ul.tabs li.active a:hover {\n        background-color: #ffffff;\n        color: ;\n    }\n\n    .tab_container {\n        background-color: #ffffff;\n        color: ;\n    }\n<\/style>\n\n<section data-block_cb8cb5397bbf98b3387e4d0dd5fc5753 id=\"\" class=\"section-videos b-videos alignfull pb-12 pt-12 md:pb-16 md:pt-16 bg-gainsboro \" >\n    <div class=\"container relative z-20 block clearfix\">\n    <h2 data-block_cb8cb5397bbf98b3387e4d0dd5fc5753 class=\"content-title  mx-auto  max-w-3xl pb-2 pt-0 md:pb-3 md:pt-0 m-0 font-bold text-xl text-center md:text-3xl text-night_rider\">Testimonis<\/h2>\n      <style>\n      data-block_cb8cb5397bbf98b3387e4d0dd5fc5753 .content-title b {\n        font-weight: bold;\n        color: #333333\n      }\n    <\/style>\n              <div class=\"relative block w-full max-w-5xl mx-auto overflow-hidden\">\n              <ul class=\"list-videos\">\n                                             <li class=\"relative block overflow-hidden px-0 clearfix  clear-both w-full float-none mb-8 \">\n                            <div class=\"fluid-video relative z-10  w-full px-4\"><iframe loading=\"lazy\" title=\"Euskadi Social Impulse \/ Cristina San Salvador - Ship2B\" width=\"640\" height=\"360\" src=\"https:\/\/www.youtube.com\/embed\/IDXRYw0U3fg?feature=oembed\" frameborder=\"0\" allow=\"accelerometer; autoplay; clipboard-write; encrypted-media; gyroscope; picture-in-picture; web-share\" referrerpolicy=\"strict-origin-when-cross-origin\" allowfullscreen><\/iframe><\/div>\n            <\/li>\n                                               <li class=\"relative block overflow-hidden px-0 clearfix  w-full md:w-1\/2 mb-8 md:mb-0 float-left \">\n                            <div class=\"fluid-video relative z-10  w-full px-4\"><iframe loading=\"lazy\" title=\"Euskadi Social Impulse 2021 \/ Borja Aguirre - Zubietxe\" width=\"640\" height=\"360\" src=\"https:\/\/www.youtube.com\/embed\/YbMxzZ8ErfM?feature=oembed\" frameborder=\"0\" allow=\"accelerometer; autoplay; clipboard-write; encrypted-media; gyroscope; picture-in-picture; web-share\" referrerpolicy=\"strict-origin-when-cross-origin\" allowfullscreen><\/iframe><\/div>\n            <\/li>\n                                               <li class=\"relative block overflow-hidden px-0 clearfix  w-full md:w-1\/2 mb-8 md:mb-0 float-left \">\n                            <div class=\"fluid-video relative z-10  w-full px-4\"><iframe loading=\"lazy\" title=\"Euskadi Social Impulse 2021 \/ Beatriz Santamar\u00eda - BiziPoz\" width=\"640\" height=\"360\" src=\"https:\/\/www.youtube.com\/embed\/gzSSJFw_uiM?feature=oembed\" frameborder=\"0\" allow=\"accelerometer; autoplay; clipboard-write; encrypted-media; gyroscope; picture-in-picture; web-share\" referrerpolicy=\"strict-origin-when-cross-origin\" allowfullscreen><\/iframe><\/div>\n            <\/li>\n                              <\/ul>\n          <\/div>\n      <\/div>\n<\/section>","protected":false},"featured_media":0,"template":"","meta":{"_acf_changed":false,"inline_featured_image":false,"_links_to":"","_links_to_target":""},"class_list":["post-12874","programa","type-programa","status-publish","hentry"],"acf":[],"yoast_head":"<title>Euskadi Social Impulse - Ship2B Foundation<\/title>\n<meta name=\"robots\" content=\"index, follow, max-snippet:-1, max-image-preview:large, max-video-preview:-1\" \/>\n<link rel=\"canonical\" href=\"https:\/\/www.ship2b.org\/ca\/programa\/euskadi-social-impulse\/\" \/>\n<meta property=\"og:locale\" content=\"ca_ES\" \/>\n<meta property=\"og:type\" content=\"article\" \/>\n<meta property=\"og:title\" content=\"Euskadi Social Impulse - Ship2B Foundation\" \/>\n<meta property=\"og:url\" content=\"https:\/\/www.ship2b.org\/ca\/programa\/euskadi-social-impulse\/\" \/>\n<meta property=\"og:site_name\" content=\"Ship2B Foundation\" \/>\n<meta property=\"article:modified_time\" content=\"2023-06-26T08:28:56+00:00\" \/>\n<meta name=\"twitter:card\" content=\"summary_large_image\" \/>\n<script type=\"application\/ld+json\" class=\"yoast-schema-graph\">{\"@context\":\"https:\/\/schema.org\",\"@graph\":[{\"@type\":\"WebPage\",\"@id\":\"https:\/\/www.ship2b.org\/ca\/programa\/euskadi-social-impulse\/\",\"url\":\"https:\/\/www.ship2b.org\/ca\/programa\/euskadi-social-impulse\/\",\"name\":\"Euskadi Social Impulse - Ship2B Foundation\",\"isPartOf\":{\"@id\":\"https:\/\/www.ship2b.org\/#website\"},\"datePublished\":\"2021-05-21T07:41:04+00:00\",\"dateModified\":\"2023-06-26T08:28:56+00:00\",\"breadcrumb\":{\"@id\":\"https:\/\/www.ship2b.org\/ca\/programa\/euskadi-social-impulse\/#breadcrumb\"},\"inLanguage\":\"ca\",\"potentialAction\":[{\"@type\":\"ReadAction\",\"target\":[\"https:\/\/www.ship2b.org\/ca\/programa\/euskadi-social-impulse\/\"]}]},{\"@type\":\"BreadcrumbList\",\"@id\":\"https:\/\/www.ship2b.org\/ca\/programa\/euskadi-social-impulse\/#breadcrumb\",\"itemListElement\":[{\"@type\":\"ListItem\",\"position\":1,\"name\":\"Portada\",\"item\":\"https:\/\/www.ship2b.org\/ca\/\"},{\"@type\":\"ListItem\",\"position\":2,\"name\":\"Euskadi Social Impulse\"}]},{\"@type\":\"WebSite\",\"@id\":\"https:\/\/www.ship2b.org\/#website\",\"url\":\"https:\/\/www.ship2b.org\/\",\"name\":\"Ship2B Foundation\",\"description\":\"Adventurers for a better world\",\"potentialAction\":[{\"@type\":\"SearchAction\",\"target\":{\"@type\":\"EntryPoint\",\"urlTemplate\":\"https:\/\/www.ship2b.org\/?s={search_term_string}\"},\"query-input\":{\"@type\":\"PropertyValueSpecification\",\"valueRequired\":true,\"valueName\":\"search_term_string\"}}],\"inLanguage\":\"ca\"}]}<\/script>","yoast_head_json":{"title":"Euskadi Social Impulse - Ship2B Foundation","robots":{"index":"index","follow":"follow","max-snippet":"max-snippet:-1","max-image-preview":"max-image-preview:large","max-video-preview":"max-video-preview:-1"},"canonical":"https:\/\/www.ship2b.org\/ca\/programa\/euskadi-social-impulse\/","og_locale":"ca_ES","og_type":"article","og_title":"Euskadi Social Impulse - Ship2B Foundation","og_url":"https:\/\/www.ship2b.org\/ca\/programa\/euskadi-social-impulse\/","og_site_name":"Ship2B Foundation","article_modified_time":"2023-06-26T08:28:56+00:00","twitter_card":"summary_large_image","schema":{"@context":"https:\/\/schema.org","@graph":[{"@type":"WebPage","@id":"https:\/\/www.ship2b.org\/ca\/programa\/euskadi-social-impulse\/","url":"https:\/\/www.ship2b.org\/ca\/programa\/euskadi-social-impulse\/","name":"Euskadi Social Impulse - Ship2B Foundation","isPartOf":{"@id":"https:\/\/www.ship2b.org\/#website"},"datePublished":"2021-05-21T07:41:04+00:00","dateModified":"2023-06-26T08:28:56+00:00","breadcrumb":{"@id":"https:\/\/www.ship2b.org\/ca\/programa\/euskadi-social-impulse\/#breadcrumb"},"inLanguage":"ca","potentialAction":[{"@type":"ReadAction","target":["https:\/\/www.ship2b.org\/ca\/programa\/euskadi-social-impulse\/"]}]},{"@type":"BreadcrumbList","@id":"https:\/\/www.ship2b.org\/ca\/programa\/euskadi-social-impulse\/#breadcrumb","itemListElement":[{"@type":"ListItem","position":1,"name":"Portada","item":"https:\/\/www.ship2b.org\/ca\/"},{"@type":"ListItem","position":2,"name":"Euskadi Social Impulse"}]},{"@type":"WebSite","@id":"https:\/\/www.ship2b.org\/#website","url":"https:\/\/www.ship2b.org\/","name":"Ship2B Foundation","description":"Adventurers for a better world","potentialAction":[{"@type":"SearchAction","target":{"@type":"EntryPoint","urlTemplate":"https:\/\/www.ship2b.org\/?s={search_term_string}"},"query-input":{"@type":"PropertyValueSpecification","valueRequired":true,"valueName":"search_term_string"}}],"inLanguage":"ca"}]}},"_links":{"self":[{"href":"https:\/\/www.ship2b.org\/ca\/wp-json\/wp\/v2\/programa\/12874","targetHints":{"allow":["GET"]}}],"collection":[{"href":"https:\/\/www.ship2b.org\/ca\/wp-json\/wp\/v2\/programa"}],"about":[{"href":"https:\/\/www.ship2b.org\/ca\/wp-json\/wp\/v2\/types\/programa"}],"wp:attachment":[{"href":"https:\/\/www.ship2b.org\/ca\/wp-json\/wp\/v2\/media?parent=12874"}],"curies":[{"name":"wp","href":"https:\/\/api.w.org\/{rel}","templated":true}]}}