{"id":16033,"date":"2021-05-21T09:41:04","date_gmt":"2021-05-21T07:41:04","guid":{"rendered":"https:\/\/www.ship2b.org\/programa\/euskadi-social-impulse-3\/"},"modified":"2023-09-12T14:49:35","modified_gmt":"2023-09-12T12:49:35","slug":"ikea","status":"publish","type":"programa","link":"https:\/\/www.ship2b.org\/ca\/programa\/ikea\/","title":{"rendered":"Ikea H\u00e5llbar Lab"},"content":{"rendered":"<section data-block_a6d7d3de90075745aff66c8a0dc1bc9e id=\"block_a6d7d3de90075745aff66c8a0dc1bc9e\" class=\"section-banner relative block b-banner alignfull pb-20 pt-20 md:pb-16 md:pt-16 bg-transparent bg-top bg-cover md:bg-center lg:bg-cover bg-no-repeat bg-fixed\"  style=\"background-image: url('https:\/\/www.ship2b.org\/wp-content\/uploads\/2021\/05\/zheka-kapusta-14KzeKimDyI-unsplash-e1664800355158.jpg');\" >\n    <div class=\"container relative z-20 block\">\n        <div class=\"md:p-0 relative block max-w-lg px-4 py-8  mx-auto  \">\n  <div class=\"overlay-box block absolute top-0 left-0 z-10 block w-full h-full max-w-5xl mx-auto bg-white opacity-75\"><\/div>\n      <div class=\"banner-inner md:p-8 relative z-20 block\">\n      <h1 data-block_a6d7d3de90075745aff66c8a0dc1bc9e class=\"content-title  mx-auto max-w-3xl   pb-0 pt-0 md:pb-1 md:pt-8 m-0 font-bold text-xl text-center md:text-4xl text-firefly\">IKEA H\u00e5llbar Lab<\/h2>\n      <style>\n      data-block_a6d7d3de90075745aff66c8a0dc1bc9e .content-title b {\n        font-weight: bold;\n        color: #3e4545\n      }\n    <\/style>\n        <h3 data-block_a6d7d3de90075745aff66c8a0dc1bc9e class=\"content-subtitle  mx-auto  max-w-4xl pb-3 pt-0 md:pb-5 md:pt-0  m-0 font-semibold text-sm text-center text-sm md:text-xl text-bondi_blue\">Convocat\u00f2ria tancada<\/h3>\n      <style>\n      data-block_a6d7d3de90075745aff66c8a0dc1bc9e .content-subtitle b {\n        font-weight: bold;\n        color: #009aa6;\n      }\n    <\/style>\n                    <div class=\"content-cta pb-0 pt-0 md:pb-0 md:pt-0 m-0 text-center\">\n    <a class=\" relative inline-block w-auto py-2 px-4 border-solid border cta-button font-normal  md:text-sm text-white bg-bondi_blue border-bondi_blue hover:text-white hover:bg-silver hover:border-silver\" target=\"\"  href=\"#candidatura\"   title=\"Presenta la teva entitat\">Presenta la teva entitat<\/a>\n  <\/div>\n      <\/div>\n    <\/div>\n    <\/div>\n<\/section>\n\n<section data-block_9faa6c9661b503960e486c07371fb6d3 id=\"\" class=\"section-content relative block b-content alignfull pb-1 pt-10 md:pb-2 md:pt-12 bg-white_smoke \" >\n    <div class=\"container relative z-20 block\">\n    <h2 data-block_9faa6c9661b503960e486c07371fb6d3 class=\"content-title  mx-auto  max-w-3xl pb-2 pt-0 md:pb-3 md:pt-0 m-0 font-bold text-xl text-center md:text-2xl text-night_rider\">Programa per a startups d&#8217;impacte que busquen pilotar les seves solucions en un entorn real de la m\u00e0 d&#8217;Ikea<\/h2>\n      <style>\n      data-block_9faa6c9661b503960e486c07371fb6d3 .content-title b {\n        font-weight: bold;\n        color: #333333\n      }\n    <\/style>\n          <div class=\"content-text  mx-auto  max-w-4xl pb-0 pt-0 md:pb-0 md:pt-0 text-xs text-center md:text-base text-night_rider\"><span style=\"font-weight: 400\">Ikea H\u00e5llbar Lab es un programa que nace con el objetivo de fomentar el ecosistema emprendedor de impacto local, desarrollado por Ikea Catalu\u00f1a en alianza con Fundaci\u00f3n Ship2B.<\/span>\r\n\r\n&nbsp;\r\n\r\n&nbsp;<\/div>\n      <\/div>\n<\/section>\n\n<section data-block_dfbad1d930c5ffddb09afee9730552f3 id=\"\" class=\"section-info-columns clearfix b-info-columns alignfull pb-8 pt-12 md:pb-10 md:pt-16 bg-bondi_blue \" >\n    <div class=\"container relative z-20 block\">\n    <h2 data-block_dfbad1d930c5ffddb09afee9730552f3 class=\"content-title  mx-auto  max-w-3xl pb-1 pt-0 md:pb-1 md:pt-0 m-0 font-bold text-xl text-center md:text-2xl text-white\">Busquem startups i emprenedors socials que aportin solucions a tres l\u00ednies al voltant de la sostenibilitat:<\/h2>\n      <style>\n      data-block_dfbad1d930c5ffddb09afee9730552f3 .content-title b {\n        font-weight: bold;\n        color: #333333\n      }\n    <\/style>\n                 \n    <div class=\"b-info-columns-list lg:flex lg:flex-row lg:flex-wrap clearfix\">\n                             <div class=\"w-full lg:w-1\/3 relative block clearfix float-left w-full text-center my-4 md:my-2 px-4  md:flex md:flex-row md:items-center \">\n          <div class=\"info-column-container relative block h-full p-8\">\n                        <div class=\"info-column-inner relative z-20 block  md:flex md:flex-row md:items-center \">\n                                          <div class=\"info-column-desc relative block\">\n                                <h3 class=\"info-column-title block w-full text-white font-medium text-base md:text-base text-center  md:text-left \">Economia Circular:<\/h3>\n                                                                <div class=\"info-column-text mt-4 block w-full text-white font-light text-base md:text-base text-center  md:text-left \">projectes amb productes de qualitat dissenyats per tenir un cicle de vida llarg i tornar a la terra sense generar danys<\/div>\n                                              <\/div>\n            <\/div>\n          <\/div>\n        <\/div>\n                       <div class=\"w-full lg:w-1\/3 relative block clearfix float-left w-full text-center my-4 md:my-2 px-4  md:flex md:flex-row md:items-center \">\n          <div class=\"info-column-container relative block h-full p-8\">\n                        <div class=\"info-column-inner relative z-20 block  md:flex md:flex-row md:items-center \">\n                                          <div class=\"info-column-desc relative block\">\n                                <h3 class=\"info-column-title block w-full text-white font-medium text-base md:text-base text-center  md:text-left \">Zero emissions i mobilitat verda:<\/h3>\n                                                                <div class=\"info-column-text mt-4 block w-full text-white font-light text-base md:text-base text-center  md:text-left \">col\u00b7laboraci\u00f3 en la reducci\u00f3 d&#8217;emissions generades pels despla\u00e7amnts, tant dels consumidors com dels empleats d&#8217;Ikea \u200b\u200ba Catalunya.<\/div>\n                                              <\/div>\n            <\/div>\n          <\/div>\n        <\/div>\n                       <div class=\"w-full lg:w-1\/3 relative block clearfix float-left w-full text-center my-4 md:my-2 px-4  md:flex md:flex-row md:items-center \">\n          <div class=\"info-column-container relative block h-full p-8\">\n                        <div class=\"info-column-inner relative z-20 block  md:flex md:flex-row md:items-center \">\n                                          <div class=\"info-column-desc relative block\">\n                                <h3 class=\"info-column-title block w-full text-white font-medium text-base md:text-base text-center  md:text-left \">Restaurant conscient i sense pl\u00e0stic:<\/h3>\n                                                                <div class=\"info-column-text mt-4 block w-full text-white font-light text-base md:text-base text-center  md:text-left \">impuls del consum d&#8217;aliments conscients i provinents d&#8217;horts urbans. A m\u00e9s, busquem iniciatives que col\u00b7laborin amb la desplastificaci\u00f3 als restaurants i botigues d&#8217;Ikea \u200b\u200ba Catalunya.<\/div>\n                                              <\/div>\n            <\/div>\n          <\/div>\n        <\/div>\n          <\/div>\n          <\/div>\n<\/section>\n\n<section data-block_5b647de1b6eb9a4e8bef068c14ad4d66 id=\"\"\n         class=\"section-tabs b-tabs-v2 alignfull pb-12 pt-12 md:pb-16 md:pt-16 bg-white_smoke \"\n         >\n        <div class=\"container relative z-20 block\">\n        <h2 data-block_5b647de1b6eb9a4e8bef068c14ad4d66 class=\"content-title  mx-auto  max-w-3xl pb-2 pt-0 md:pb-3 md:pt-0 m-0 font-bold text-xl text-center md:text-2xl text-night_rider\">Etapes del programa<\/h2>\n      <style>\n      data-block_5b647de1b6eb9a4e8bef068c14ad4d66 .content-title b {\n        font-weight: bold;\n        color: #333333\n      }\n    <\/style>\n                          <div class=\"tabs-wrapper relative block overflow-hidden d-desktop\">\n                            <ul class=\"tabs\">\n                                                                                                     <li><a class=\"text-night_rider md:p-6 md:text-lg relative block p-2 text-sm font-bold\"\n                           href=\"#tab1\">Convocat\u00f2ria<\/a><\/li>\n                                                                                 <li><a class=\"text-night_rider md:p-6 md:text-lg relative block p-2 text-sm font-bold\"\n                           href=\"#tab2\">Formaci\u00f3<\/a><\/li>\n                                                        <\/ul>\n                <div class=\"tab_container\">\n                                                                                                     <div class=\"tab_content relative block px-6 py-12 overflow-hidden\" id=\"tab1\">\n                        <div class=\"md:float-left md:w-3\/5 md:pr-20 md:mb-0 relative block float-none w-full pr-0 mb-8\">\n                                                            <h3 class=\"tab-subtitle text-bondi_blue text-lg\">Presentaci\u00f3 de candidatures<\/h3>\n                                                                                        <div class=\"tab-info-extra text-base italic font-bold\">\n                                    Fins el 23 de juny de 2021\n                                <\/div>\n                                                                                        <div class=\"tab-desc mt-8 text-sm\">\n                                    <p>El programa selecciona 20 entitats socials basques per participar en el programa formaci\u00f3 a Bilbao.<\/p>\n<p>Si vols m\u00e9s informaci\u00f3, no dubtis en passar-te a veure el webinar informatiu de presentaci\u00f3 del programa que va tenir lloc el dijous 10 de juny. <span style=\"color: #049aaa\"><a style=\"color: #049aaa\" href=\"https:\/\/www.youtube.com\/watch?v=6Ml0yN9kFKY&amp;feature=youtu.be\" target=\"_blank\" rel=\"noopener\">Veure aqu\u00ed<\/a><\/span>.<\/p>\n<p>&nbsp;<\/p>\n<p>&nbsp;<\/p>\n<p>&nbsp;<\/p>\n<p>&nbsp;<\/p>\n\n                                <\/div>\n                                                    <\/div>\n                                                    <div class=\"md:float-left md:w-2\/5 relative block float-none w-full\">\n                                <img decoding=\"async\" src=\"https:\/\/www.ship2b.org\/wp-content\/uploads\/2021\/05\/EUS_Candidaturas.jpg\" alt=\"EUS_Candidaturas\"\n                                     class=\"w-full\">\n                            <\/div>\n                                            <\/div>\n                                                                                 <div class=\"tab_content relative block px-6 py-12 overflow-hidden\" id=\"tab2\">\n                        <div class=\"md:float-left md:w-3\/5 md:pr-20 md:mb-0 relative block float-none w-full pr-0 mb-8\">\n                                                            <h3 class=\"tab-subtitle text-bondi_blue text-lg\">Sessions de formaci\u00f3<\/h3>\n                                                                                        <div class=\"tab-info-extra text-base italic font-bold\">\n                                    Del 13 al 28 de juliol\n                                <\/div>\n                                                                                        <div class=\"tab-desc mt-8 text-sm\">\n                                    <p>Els 20 projectes seleccionats participaran en les 6 sessions de formaci\u00f3 a Bilbao.<\/p>\n<p>&nbsp;<\/p>\n\n                                <\/div>\n                                                    <\/div>\n                                                    <div class=\"md:float-left md:w-2\/5 relative block float-none w-full\">\n                                <img decoding=\"async\" src=\"https:\/\/www.ship2b.org\/wp-content\/uploads\/2021\/05\/EUS_Sesiones.jpg\" alt=\"EUS_Sesiones\"\n                                     class=\"w-full\">\n                            <\/div>\n                                            <\/div>\n                                                        <\/div>\n                    <\/div>\n        <div id=\"accordion\" class=\"accordion d-mobile\">\n                                                                                             <h5 id=\"bt-accordion-1\"\n                    class=\"text-night_rider md:p-6 md:text-lg relative block p-2 text-sm font-bold\">Convocat\u00f2ria<\/h5>\n                <div id=\"collapseB1\" class=\"collapse \"\n                     aria-labelledby=\"heading1\" data-parent=\"#accordion\">\n                    <div class=\"card-body bg-white p-2\">\n                        <div class=\"md:float-left md:w-3\/5 md:pr-20 md:mb-0 relative block float-none w-full pr-0 mb-8\">\n                                                            <h3 class=\"tab-subtitle text-bondi_blue text-lg\">Presentaci\u00f3 de candidatures<\/h3>\n                                                                                        <div class=\"tab-info-extra text-base italic font-bold\">\n                                    Fins el 23 de juny de 2021\n                                <\/div>\n                                                                                        <div class=\"tab-desc mt-8 text-sm\">\n                                    <p>El programa selecciona 20 entitats socials basques per participar en el programa formaci\u00f3 a Bilbao.<\/p>\n<p>Si vols m\u00e9s informaci\u00f3, no dubtis en passar-te a veure el webinar informatiu de presentaci\u00f3 del programa que va tenir lloc el dijous 10 de juny. <span style=\"color: #049aaa\"><a style=\"color: #049aaa\" href=\"https:\/\/www.youtube.com\/watch?v=6Ml0yN9kFKY&amp;feature=youtu.be\" target=\"_blank\" rel=\"noopener\">Veure aqu\u00ed<\/a><\/span>.<\/p>\n<p>&nbsp;<\/p>\n<p>&nbsp;<\/p>\n<p>&nbsp;<\/p>\n<p>&nbsp;<\/p>\n\n                                <\/div>\n                                                    <\/div>\n                                                    <div class=\"md:float-left md:w-2\/5 relative block float-none w-full\">\n                                <img decoding=\"async\" src=\"https:\/\/www.ship2b.org\/wp-content\/uploads\/2021\/05\/EUS_Candidaturas.jpg\" alt=\"EUS_Candidaturas\"\n                                     class=\"w-full\">\n                            <\/div>\n                                            <\/div>\n                <\/div>\n                                                                 <h5 id=\"bt-accordion-2\"\n                    class=\"text-night_rider md:p-6 md:text-lg relative block p-2 text-sm font-bold\">Formaci\u00f3<\/h5>\n                <div id=\"collapseB2\" class=\"collapse \"\n                     aria-labelledby=\"heading2\" data-parent=\"#accordion\">\n                    <div class=\"card-body bg-white p-2\">\n                        <div class=\"md:float-left md:w-3\/5 md:pr-20 md:mb-0 relative block float-none w-full pr-0 mb-8\">\n                                                            <h3 class=\"tab-subtitle text-bondi_blue text-lg\">Sessions de formaci\u00f3<\/h3>\n                                                                                        <div class=\"tab-info-extra text-base italic font-bold\">\n                                    Del 13 al 28 de juliol\n                                <\/div>\n                                                                                        <div class=\"tab-desc mt-8 text-sm\">\n                                    <p>Els 20 projectes seleccionats participaran en les 6 sessions de formaci\u00f3 a Bilbao.<\/p>\n<p>&nbsp;<\/p>\n\n                                <\/div>\n                                                    <\/div>\n                                                    <div class=\"md:float-left md:w-2\/5 relative block float-none w-full\">\n                                <img decoding=\"async\" src=\"https:\/\/www.ship2b.org\/wp-content\/uploads\/2021\/05\/EUS_Sesiones.jpg\" alt=\"EUS_Sesiones\"\n                                     class=\"w-full\">\n                            <\/div>\n                                            <\/div>\n                <\/div>\n                                                    <\/div>\n        <script>\n          if(navigator.userAgentData.mobile){\n            jQuery(window).on('load', function () {\n                jQuery('#accordion').accordion()\n            });\n            jQuery(\".section-tabs\").click(function () {\n                jQuery([document.documentElement, document.body]).animate({\n                    scrollTop: jQuery(\"#accordion\").offset().top + 100\n                }, 2000);\n            });\n          }\n        <\/script>\n            <\/div>\n<\/section>\n<style>\n    ul.tabs li a {\n        color: ;\n    }\n\n    ul.tabs li a:hover {\n        background-color: #ffffff;\n    }\n\n    html ul.tabs li.active a,\n    html ul.tabs li.active a:hover {\n        background-color: #ffffff;\n        color: ;\n    }\n\n    .tab_container {\n        background-color: #ffffff;\n        color: ;\n    }\n<\/style>","protected":false},"featured_media":0,"template":"","meta":{"_acf_changed":false,"inline_featured_image":false,"_links_to":"","_links_to_target":""},"class_list":["post-16033","programa","type-programa","status-publish","hentry"],"acf":[],"yoast_head":"<title>Ikea H\u00e5llbar Lab - Ship2B Foundation<\/title>\n<meta name=\"robots\" content=\"index, follow, max-snippet:-1, max-image-preview:large, max-video-preview:-1\" \/>\n<link rel=\"canonical\" href=\"https:\/\/www.ship2b.org\/ca\/programa\/ikea\/\" \/>\n<meta property=\"og:locale\" content=\"ca_ES\" \/>\n<meta property=\"og:type\" content=\"article\" \/>\n<meta property=\"og:title\" content=\"Ikea H\u00e5llbar Lab - Ship2B Foundation\" \/>\n<meta property=\"og:url\" content=\"https:\/\/www.ship2b.org\/ca\/programa\/ikea\/\" \/>\n<meta property=\"og:site_name\" content=\"Ship2B Foundation\" \/>\n<meta property=\"article:modified_time\" content=\"2023-09-12T12:49:35+00:00\" \/>\n<meta name=\"twitter:card\" content=\"summary_large_image\" \/>\n<script type=\"application\/ld+json\" class=\"yoast-schema-graph\">{\"@context\":\"https:\/\/schema.org\",\"@graph\":[{\"@type\":\"WebPage\",\"@id\":\"https:\/\/www.ship2b.org\/ca\/programa\/ikea\/\",\"url\":\"https:\/\/www.ship2b.org\/ca\/programa\/ikea\/\",\"name\":\"Ikea H\u00e5llbar Lab - Ship2B Foundation\",\"isPartOf\":{\"@id\":\"https:\/\/www.ship2b.org\/#website\"},\"datePublished\":\"2021-05-21T07:41:04+00:00\",\"dateModified\":\"2023-09-12T12:49:35+00:00\",\"breadcrumb\":{\"@id\":\"https:\/\/www.ship2b.org\/ca\/programa\/ikea\/#breadcrumb\"},\"inLanguage\":\"ca\",\"potentialAction\":[{\"@type\":\"ReadAction\",\"target\":[\"https:\/\/www.ship2b.org\/ca\/programa\/ikea\/\"]}]},{\"@type\":\"BreadcrumbList\",\"@id\":\"https:\/\/www.ship2b.org\/ca\/programa\/ikea\/#breadcrumb\",\"itemListElement\":[{\"@type\":\"ListItem\",\"position\":1,\"name\":\"Portada\",\"item\":\"https:\/\/www.ship2b.org\/ca\/\"},{\"@type\":\"ListItem\",\"position\":2,\"name\":\"Ikea H\u00e5llbar Lab\"}]},{\"@type\":\"WebSite\",\"@id\":\"https:\/\/www.ship2b.org\/#website\",\"url\":\"https:\/\/www.ship2b.org\/\",\"name\":\"Ship2B Foundation\",\"description\":\"Adventurers for a better world\",\"potentialAction\":[{\"@type\":\"SearchAction\",\"target\":{\"@type\":\"EntryPoint\",\"urlTemplate\":\"https:\/\/www.ship2b.org\/?s={search_term_string}\"},\"query-input\":{\"@type\":\"PropertyValueSpecification\",\"valueRequired\":true,\"valueName\":\"search_term_string\"}}],\"inLanguage\":\"ca\"}]}<\/script>","yoast_head_json":{"title":"Ikea H\u00e5llbar Lab - Ship2B Foundation","robots":{"index":"index","follow":"follow","max-snippet":"max-snippet:-1","max-image-preview":"max-image-preview:large","max-video-preview":"max-video-preview:-1"},"canonical":"https:\/\/www.ship2b.org\/ca\/programa\/ikea\/","og_locale":"ca_ES","og_type":"article","og_title":"Ikea H\u00e5llbar Lab - Ship2B Foundation","og_url":"https:\/\/www.ship2b.org\/ca\/programa\/ikea\/","og_site_name":"Ship2B Foundation","article_modified_time":"2023-09-12T12:49:35+00:00","twitter_card":"summary_large_image","schema":{"@context":"https:\/\/schema.org","@graph":[{"@type":"WebPage","@id":"https:\/\/www.ship2b.org\/ca\/programa\/ikea\/","url":"https:\/\/www.ship2b.org\/ca\/programa\/ikea\/","name":"Ikea H\u00e5llbar Lab - Ship2B Foundation","isPartOf":{"@id":"https:\/\/www.ship2b.org\/#website"},"datePublished":"2021-05-21T07:41:04+00:00","dateModified":"2023-09-12T12:49:35+00:00","breadcrumb":{"@id":"https:\/\/www.ship2b.org\/ca\/programa\/ikea\/#breadcrumb"},"inLanguage":"ca","potentialAction":[{"@type":"ReadAction","target":["https:\/\/www.ship2b.org\/ca\/programa\/ikea\/"]}]},{"@type":"BreadcrumbList","@id":"https:\/\/www.ship2b.org\/ca\/programa\/ikea\/#breadcrumb","itemListElement":[{"@type":"ListItem","position":1,"name":"Portada","item":"https:\/\/www.ship2b.org\/ca\/"},{"@type":"ListItem","position":2,"name":"Ikea H\u00e5llbar Lab"}]},{"@type":"WebSite","@id":"https:\/\/www.ship2b.org\/#website","url":"https:\/\/www.ship2b.org\/","name":"Ship2B Foundation","description":"Adventurers for a better world","potentialAction":[{"@type":"SearchAction","target":{"@type":"EntryPoint","urlTemplate":"https:\/\/www.ship2b.org\/?s={search_term_string}"},"query-input":{"@type":"PropertyValueSpecification","valueRequired":true,"valueName":"search_term_string"}}],"inLanguage":"ca"}]}},"_links":{"self":[{"href":"https:\/\/www.ship2b.org\/ca\/wp-json\/wp\/v2\/programa\/16033","targetHints":{"allow":["GET"]}}],"collection":[{"href":"https:\/\/www.ship2b.org\/ca\/wp-json\/wp\/v2\/programa"}],"about":[{"href":"https:\/\/www.ship2b.org\/ca\/wp-json\/wp\/v2\/types\/programa"}],"wp:attachment":[{"href":"https:\/\/www.ship2b.org\/ca\/wp-json\/wp\/v2\/media?parent=16033"}],"curies":[{"name":"wp","href":"https:\/\/api.w.org\/{rel}","templated":true}]}}